{"id":6422,"date":"2022-04-26T11:29:41","date_gmt":"2022-04-26T09:29:41","guid":{"rendered":"https:\/\/civitas-maxima.org\/?page_id=6422"},"modified":"2025-02-27T17:53:29","modified_gmt":"2025-02-27T16:53:29","slug":"sekou-camara","status":"publish","type":"page","link":"https:\/\/civitas-maxima.org\/fr\/sekou-camara\/","title":{"rendered":"Laye Sekou Camara"},"content":{"rendered":"<h2 class=\"wp-block-heading has-text-align-center\"><mark style=\"background-color:rgba(0, 0, 0, 0);color:#15788c\" class=\"has-inline-color\">Laye Sekou Camara<\/mark><\/h2>\n\n\n\n<div class=\"wp-block-columns is-layout-flex wp-container-core-columns-is-layout-8f761849 wp-block-columns-is-layout-flex\">\n<div class=\"wp-block-column is-layout-flow wp-block-column-is-layout-flow\">\n<h4 class=\"wp-block-heading has-text-align-center\">\u00c9l\u00e9ments cl\u00e9s<\/h4>\n\n\n\n<figure class=\"wp-block-table is-style-stripes\"><table><tbody><tr><td><strong>Faction<\/strong><\/td><td>LURD<\/td><\/tr><tr><td><strong>Nationalit\u00e9<\/strong><\/td><td>Lib\u00e9rien<\/td><\/tr><tr><td><strong>Chef d'accusation<\/strong><\/td><td>Fraude \u00e0 l'immigration<\/td><\/tr><tr><td><strong>Statut<\/strong><\/td><td>En attente de fixation de la peine<\/td><\/tr><\/tbody><\/table><\/figure>\n\n\n\n<p class=\"wp-block-paragraph\"><a id=\"_msocom_1\"><\/a><\/p>\n<\/div>\n\n\n\n<div class=\"wp-block-column is-layout-flow wp-block-column-is-layout-flow\">\n<h4 class=\"wp-block-heading has-text-align-center\">Ressources<\/h4>\n\n\n\n<div class=\"wp-block-coblocks-accordion\">\n<div class=\"wp-block-coblocks-accordion-item\"><details><summary class=\"wp-block-coblocks-accordion-item__title\">Latest articles<\/summary><div class=\"wp-block-coblocks-accordion-item__content\">\n<p class=\"wp-block-paragraph\"><a href=\"https:\/\/civitas-maxima.org\/fr\/confronting-camara-in-court-witnesses-testify-at-pre-sentence-evidentiary-hearing-in-philadelphia\/\">Confronting Camara in court: witnesses testify at pre-sentence evidentiary hearing in Philadelphia<\/a><\/p>\n\n\n\n<p class=\"wp-block-paragraph\"><a href=\"https:\/\/civitas-maxima.org\/fr\/liberias-quest-for-justice-10-questions-about-the-trial-of-general-k1-laye-sekou-camara\/\">La qu\u00eate de justice au Liberia : 10 questions sur l\u2019affaire Laye Sekou Camara<\/a><\/p>\n<\/div><\/details><\/div>\n\n\n\n<div class=\"wp-block-coblocks-accordion-item\"><details><summary class=\"wp-block-coblocks-accordion-item__title\">Communiqu\u00e9s de presse<\/summary><div class=\"wp-block-coblocks-accordion-item__content\">\t<div\n\t\tclass=\"wp-block-newspack-blocks-homepage-articles is-style-borders wpnbha ts-2 is-style-borders has-text-align-left has-text-color\"\n\t\tstyle=\"color: #007489;\"\n\t\t>\n\t\t\t\t\t<style id=\"newspack-blocks-inline-css\" type=\"text\/css\">\t\t.wp-block-newspack-blocks-homepage-articles article .entry-title {\n\t\t\tfont-size: 1.2em;\n\t\t}\n\t\t.wp-block-newspack-blocks-homepage-articles .entry-meta {\n\t\t\tdisplay: flex;\n\t\t\tflex-wrap: wrap;\n\t\t\talign-items: center;\n\t\t\tmargin-top: 0.5em;\n\t\t}\n\t\t.wp-block-newspack-blocks-homepage-articles article .entry-meta {\n\t\t\tfont-size: 0.8em;\n\t\t}\n\t\t.wp-block-newspack-blocks-homepage-articles article .avatar {\n\t\t\theight: 25px;\n\t\t\twidth: 25px;\n\t\t}\n\t\t.wp-block-newspack-blocks-homepage-articles .post-thumbnail{\n\t\t\tmargin: 0;\n\t\t\tmargin-bottom: 0.25em;\n\t\t}\n\t\t.wp-block-newspack-blocks-homepage-articles .post-thumbnail img {\n\t\t\theight: auto;\n\t\t\twidth: 100%;\n\t\t}\n\t\t.wp-block-newspack-blocks-homepage-articles .post-thumbnail figcaption {\n\t\t\tmargin-bottom: 0.5em;\n\t\t}\n\t\t.wp-block-newspack-blocks-homepage-articles p {\n\t\t\tmargin: 0.5em 0;\n\t\t}\n\n\t\t.wpnbha.ts-2 .entry-title{font-size: 0.9em}.wpnbha.ts-2 article .newspack-post-subtitle, .wpnbha.ts-2 article .entry-wrapper p, .wpnbha.ts-2 article .entry-wrapper .more-link, .wpnbha.ts-2 article .entry-meta {font-size: 0.8em;}\t<\/style>\n\t\t\t\t<div data-posts data-current-post-id=\"6422\">\n\t\t\t\t\t\t\n\t<article data-post-id=\"15180\"\n\t\tclass=\"tag-k-1 tag-liberia tag-lurd tag-sekou-camara tag-us tag-war-crimes category-press-release type-post\"\n\t\t\t\t>\n\t\t\t\t\n\t\t<div class=\"entry-wrapper\">\n\t\t\t<h2 class=\"entry-title\"><a href=\"https:\/\/civitas-maxima.org\/fr\/laye-sekou-camara-aka-k-1-pleads-guilty-to-all-four-counts-of-immigration-fraud\/\" rel=\"bookmark\">Laye Sekou Camara, alias K-1, plaide coupable des quatre chefs d'accusation de fraude \u00e0 l'immigration<\/a><\/h2>\t\t\t\t\t\t\t\t\t\t<div class=\"entry-meta\">\n\t\t\t\t\t<time class=\"entry-date published\" datetime=\"2025-01-18T09:52:42+01:00\">18 janvier 2025<\/time><time class=\"updated\" datetime=\"2025-01-24T14:01:53+01:00\">24th janvier 2025<\/time>\t\t\t\t<\/div><!-- .entry-meta -->\n\t\t\t\t\t<\/div><!-- .entry-wrapper -->\n\t<\/article>\n\n\t\t\n\t<article data-post-id=\"15134\"\n\t\tclass=\"tag-lurd tag-sekou-camara tag-us tag-war-crimes category-press-release type-post\"\n\t\t\t\t>\n\t\t\t\t\n\t\t<div class=\"entry-wrapper\">\n\t\t\t<h2 class=\"entry-title\"><a href=\"https:\/\/civitas-maxima.org\/fr\/alleged-former-liberian-rebel-commander-to-stand-trial-for-immigration-fraud-in-philadelphia-united-states\/\" rel=\"bookmark\">Un ancien commandant rebelle lib\u00e9rien pr\u00e9sum\u00e9 jug\u00e9 pour fraude \u00e0 l'immigration \u00e0 Philadelphie, aux \u00c9tats-Unis<\/a><\/h2>\t\t\t\t\t\t\t\t\t\t<div class=\"entry-meta\">\n\t\t\t\t\t<time class=\"entry-date published\" datetime=\"2025-01-15T16:19:27+01:00\">15 janvier 2025<\/time><time class=\"updated\" datetime=\"2025-01-16T09:06:19+01:00\">16th janvier 2025<\/time>\t\t\t\t<\/div><!-- .entry-meta -->\n\t\t\t\t\t<\/div><!-- .entry-wrapper -->\n\t<\/article>\n\n\t\t\n\t<article data-post-id=\"6271\"\n\t\tclass=\"tag-lurd tag-philadelphia tag-sekou-kamara tag-us category-press-release type-post\"\n\t\t\t\t>\n\t\t\t\t\n\t\t<div class=\"entry-wrapper\">\n\t\t\t<h2 class=\"entry-title\"><a href=\"https:\/\/civitas-maxima.org\/fr\/alleged-former-liberian-rebel-commander-arrested-in-the-u-s\/\" rel=\"bookmark\">Un ancien commandant rebelle pr\u00e9sum\u00e9 arr\u00eat\u00e9 aux Etats-Unis<\/a><\/h2>\t\t\t\t\t\t\t\t\t\t<div class=\"entry-meta\">\n\t\t\t\t\t<time class=\"entry-date published\" datetime=\"2022-03-29T11:59:48+02:00\">29th mars 2022<\/time><time class=\"updated\" datetime=\"2024-03-26T11:53:00+01:00\">26th mars 2024<\/time>\t\t\t\t<\/div><!-- .entry-meta -->\n\t\t\t\t\t<\/div><!-- .entry-wrapper -->\n\t<\/article>\n\n\t\t\t\t<\/div>\n\t\t\n\t<\/div>\n\t<\/div><\/details><\/div>\n\n\n\n<div class=\"wp-block-coblocks-accordion-item\"><details><summary class=\"wp-block-coblocks-accordion-item__title\">Liens externes<\/summary><div class=\"wp-block-coblocks-accordion-item__content\">\n<ul class=\"wp-block-list\">\n<li>The Inquirer (2025) &#8211; <a href=\"https:\/\/www.inquirer.com\/crime\/laye-sekou-camara-liberia-immigration-fraud-philadelphia-civil-war-20250123.html\">Liberians who survived a civil war say a man now living in South Jersey committed atrocities including murder<\/a><\/li>\n\n\n\n<li>AFP (2025) &#8211; <a href=\"https:\/\/www.yahoo.com\/news\/ex-liberian-rebel-pleads-guilty-235431775.html?guccounter=1&amp;guce_referrer=aHR0cHM6Ly93d3cuZ29vZ2xlLmNvbS8&amp;guce_referrer_sig=AQAAAHMjcK2NPhKLlh11G6fEsM7leaaWN7RGAtPGD52lcQsUpZXPySQOaVwyVU3goiO2oVV6kdGiUrpT-eH6yJyvkFHTd0Z1HwGplhHzjp6UEj3cp2R7G6t0n21_2FjrNy49q5rW3N2vqQBDuHMRMWrgVfRASn_qXF621XQSMXCgCyOI\">Ex-Liberian rebel pleads guilty to US immigration fraud<\/a><\/li>\n\n\n\n<li>US Attorney\u2019s Office, Eastern District of Pennsylvania (2025) &#8211; <a href=\"https:\/\/www.justice.gov\/usao-edpa\/pr\/former-liberian-rebel-general-pleads-guilty-immigration-fraud\" target=\"_blank\" rel=\"noreferrer noopener\">\u201cFormer Liberian Rebel General Pleads Guilty to Immigration Fraud\u201d<\/a><\/li>\n\n\n\n<li>US Attorney\u2019s Office, Eastern District of Pennsylvania (2025) &#8211; <a href=\"https:\/\/www.justice.gov\/usao-edpa\/pr\/former-liberian-rebel-general-charged-immigration-fraud\" target=\"_blank\" rel=\"noreferrer noopener\">\u201cFormer Liberian Rebel General Charged With Immigration Fraud\u201d<\/a><\/li>\n<\/ul>\n<\/div><\/details><\/div>\n\n\n\n<div class=\"wp-block-coblocks-accordion-item\"><details><summary class=\"wp-block-coblocks-accordion-item__title\">Questions &amp; r\u00e9ponses<\/summary><div class=\"wp-block-coblocks-accordion-item__content\">\n<p class=\"wp-block-paragraph\"><a href=\"https:\/\/civitas-maxima.org\/wp-content\/uploads\/2025\/01\/Trial_Laye-Sekou-Camara_QA.pdf\">The trial of Laye Sekou Camara: questions and answers<\/a><\/p>\n<\/div><\/details><\/div>\n<\/div>\n<\/div>\n<\/div>\n\n\n\n<p class=\"has-text-align-left has-black-color has-text-color wp-block-paragraph\"><strong>Laye Sekou Camara<\/strong> a \u00e9t\u00e9 arr\u00eat\u00e9 \u00e0 New York, aux \u00c9tats-Unis, le 26 mars 2022. \u00c9galement connu sous ses <em>noms de guerre<\/em> General K-1 et General Dragon Master, il aurait particip\u00e9 \u00e0 la deuxi\u00e8me guerre civile du Lib\u00e9ria en tant que membre de haut rang du LURD (Lib\u00e9riens unis pour la r\u00e9conciliation et la d\u00e9mocratie), un groupe rebelle qui a commis des crimes de guerre et des atrocit\u00e9s entra\u00eenant la mort et le d\u00e9placement de milliers de Lib\u00e9riens. Le LURD a \u00e9t\u00e9 <a href=\"https:\/\/reliefweb.int\/report\/liberia\/liberias-trc-presents-final-report\">reconnu<\/a> comme l\u2019un des groupes arm\u00e9s responsables de violations les plus actifs pendant la guerre par la Commission v\u00e9rit\u00e9 et r\u00e9conciliation lib\u00e9rienne.<\/p>\n\n\n\n<p class=\"wp-block-paragraph\">Sekou Camara a \u00e9t\u00e9 arr\u00eat\u00e9 \u00e0 la suite d\u2019une plainte p\u00e9nale d\u00e9pos\u00e9e aupr\u00e8s du tribunal de premi\u00e8re instance pour le district Est de Pennsylvanie. Le 8 avril 2022, il a \u00e9t\u00e9 lib\u00e9r\u00e9 sous caution sous r\u00e9serve d'une surveillance \u00e0 domicile, \u00e0 l'exception des visites professionnelles, judiciaires et m\u00e9dicales. <\/p>\n\n\n\n<p class=\"has-text-color has-link-color wp-elements-0b3727f8cbcc8ad9de9f43f8d67e5dc9 wp-block-paragraph\" style=\"color:#15788c\"><strong>Le proc\u00e8s de Sekou Camara devait commencer le 21 janvier 2025. Le 16 janvier il a plaid\u00e9 coupable des quatre chefs d\u2019accusation dont il devait r\u00e9pondre et doit \u00eatre condamn\u00e9 le 19 mai.<\/strong><\/p>\n\n\n\n<p class=\"has-black-color has-text-color has-link-color wp-elements-e4f2cb21283d263395ff3b73947b0824 wp-block-paragraph\">Le 23 janvier le juge a organis\u00e9 <a href=\"https:\/\/civitas-maxima.org\/fr\/confronting-camara-in-court-witnesses-testify-at-pre-sentence-evidentiary-hearing-in-philadelphia\/\">une audience pr\u00e9sententielle<\/a> pour permettre aux t\u00e9moins lib\u00e9riens de consigner leurs t\u00e9moignages. Sekou Camara doit \u00eatre condamn\u00e9 le 19 mai. <\/p>\n\n\n\n<h4 class=\"wp-block-heading\"><strong>Accus\u00e9 de fraude \u00e0 l'immigration<\/strong><\/h4>\n\n\n\n<p class=\"wp-block-paragraph\">Sekou Camara devait r\u00e9pondre de trois chefs d'accusation d'utilisation d'un document d'immigration obtenu frauduleusement et d'un chef d'accusation de possession d'un document d'immigration obtenu frauduleusement. Il \u00e9tait accus\u00e9 d'avoir menti lors de la soumission de ses demandes de documents d'immigration aux autorit\u00e9s am\u00e9ricaines, notamment un visa de non-immigrant, un visa d'immigrant et une carte d'identit\u00e9 de l'\u00c9tat de Pennsylvanie.<\/p>\n\n\n\n<p class=\"wp-block-paragraph\">Au cours de ces d\u00e9marches, il a affirm\u00e9 n\u2019avoir jamais \u00e9t\u00e9 membre d\u2019une tribu ou d\u2019un groupe rebelle, n\u2019avoir jamais commis, ordonn\u00e9, incit\u00e9 ou aid\u00e9 \u00e0 des assassinats politiques ou \u00e0 d\u2019autres actes de violence, et n\u2019avoir jamais utilis\u00e9 ou recrut\u00e9 d\u2019enfants soldats. Il a \u00e9galement affirm\u00e9 n\u2019avoir jamais cherch\u00e9 \u00e0 obtenir un visa ou \u00e0 entrer aux \u00c9tats-Unis par fraude ou fausse d\u00e9claration.<\/p>\n\n\n\n<p class=\"wp-block-paragraph\">L\u2019affaire Sekou Camara est la troisi\u00e8me poursuite p\u00e9nale publique et la troisi\u00e8me condamnation \u00e0 Philadelphie li\u00e9e aux guerres civiles lib\u00e9riennes, apr\u00e8s \u00ab<a href=\"https:\/\/civitas-maxima.org\/fr\/legal-work\/our-cases\/mohammed-jabbateh\/\">Jungle Jabbah<\/a>\u00bb, ancien commandant de l'ULIMO, et&nbsp;<a href=\"https:\/\/civitas-maxima.org\/fr\/legal-work\/our-cases\/thomas-woewiyu\/\">Thomas Woewiyu<\/a>, ancien porte-parole du NPFL et ministre de la D\u00e9fense. Avec le proc\u00e8s de <a href=\"https:\/\/civitas-maxima.org\/fr\/moses-wright\/\">Moses Wright<\/a> pr\u00e9vu plus tard cette ann\u00e9e, il s'agit de la quatri\u00e8me affaire p\u00e9nale rendue publique dans laquelle Civitas Maxima et son organisation s\u0153ur bas\u00e9e au Liberia, le Global Justice and Research Project (GJRP), ont fourni une assistance aux autorit\u00e9s am\u00e9ricaines.<\/p>","protected":false},"excerpt":{"rendered":"<p>Laye Sekou Camara Facts Faction LURD Nationality Liberian Indictment Immigration fraud Status Scheduled to be sentenced Resources Laye Sekou Camara was arrested in New York, U.S., on March 26, 2022. Also known by his noms de guerre General K-1 and General Dragon Master, he is alleged to have participated in Liberia\u2019s brutal second civil war [&hellip;]<\/p>\n<p><a class=\"moretag\" href=\"https:\/\/civitas-maxima.org\/fr\/sekou-camara\/\">Lire la suite<\/a><\/p>\n","protected":false},"author":179586343,"featured_media":0,"parent":0,"menu_order":0,"comment_status":"closed","ping_status":"closed","template":"","meta":{"_coblocks_attr":"","_coblocks_dimensions":"","_coblocks_responsive_height":"","_coblocks_accordion_ie_support":"","_crdt_document":"","footnotes":""},"class_list":["post-6422","page","type-page","status-publish","hentry"],"yoast_head":"<!-- This site is optimized with the Yoast SEO plugin v27.4 - https:\/\/yoast.com\/product\/yoast-seo-wordpress\/ -->\n<title>Laye Sekou Camara | Civitas Maxima<\/title>\n<meta name=\"robots\" content=\"index, follow, max-snippet:-1, max-image-preview:large, max-video-preview:-1\" \/>\n<link rel=\"canonical\" href=\"https:\/\/civitas-maxima.org\/fr\/sekou-camara\/\" \/>\n<meta property=\"og:locale\" content=\"fr_FR\" \/>\n<meta property=\"og:type\" content=\"article\" \/>\n<meta property=\"og:title\" content=\"Laye Sekou Camara | Civitas Maxima\" \/>\n<meta property=\"og:description\" content=\"Laye Sekou Camara Facts Faction LURD Nationality Liberian Indictment Immigration fraud Status Scheduled to be sentenced Resources Laye Sekou Camara was arrested in New York, U.S., on March 26, 2022. Also known by his noms de guerre General K-1 and General Dragon Master, he is alleged to have participated in Liberia\u2019s brutal second civil war [&hellip;]Lire la suite\" \/>\n<meta property=\"og:url\" content=\"https:\/\/civitas-maxima.org\/fr\/sekou-camara\/\" \/>\n<meta property=\"og:site_name\" content=\"Civitas Maxima\" \/>\n<meta property=\"article:publisher\" content=\"https:\/\/www.facebook.com\/civitasmaxima\/?locale=fr_FR\" \/>\n<meta property=\"article:modified_time\" content=\"2025-02-27T16:53:29+00:00\" \/>\n<meta property=\"og:image\" content=\"https:\/\/i0.wp.com\/civitas-maxima.org\/wp-content\/uploads\/2020\/11\/cm-logo.png?fit=470%2C470&ssl=1\" \/>\n\t<meta property=\"og:image:width\" content=\"470\" \/>\n\t<meta property=\"og:image:height\" content=\"470\" \/>\n\t<meta property=\"og:image:type\" content=\"image\/png\" \/>\n<meta name=\"twitter:card\" content=\"summary_large_image\" \/>\n<meta name=\"twitter:site\" content=\"@Civitas_Maxima\" \/>\n<script type=\"application\/ld+json\" class=\"yoast-schema-graph\">{\"@context\":\"https:\\\/\\\/schema.org\",\"@graph\":[{\"@type\":\"WebPage\",\"@id\":\"https:\\\/\\\/civitas-maxima.org\\\/sekou-camara\\\/\",\"url\":\"https:\\\/\\\/civitas-maxima.org\\\/sekou-camara\\\/\",\"name\":\"Laye Sekou Camara | Civitas Maxima\",\"isPartOf\":{\"@id\":\"https:\\\/\\\/civitas-maxima.org\\\/#website\"},\"datePublished\":\"2022-04-26T09:29:41+00:00\",\"dateModified\":\"2025-02-27T16:53:29+00:00\",\"breadcrumb\":{\"@id\":\"https:\\\/\\\/civitas-maxima.org\\\/sekou-camara\\\/#breadcrumb\"},\"inLanguage\":\"fr-FR\",\"potentialAction\":[{\"@type\":\"ReadAction\",\"target\":[\"https:\\\/\\\/civitas-maxima.org\\\/sekou-camara\\\/\"]}]},{\"@type\":\"BreadcrumbList\",\"@id\":\"https:\\\/\\\/civitas-maxima.org\\\/sekou-camara\\\/#breadcrumb\",\"itemListElement\":[{\"@type\":\"ListItem\",\"position\":1,\"name\":\"Home\",\"item\":\"https:\\\/\\\/civitas-maxima.org\\\/\"},{\"@type\":\"ListItem\",\"position\":2,\"name\":\"Laye Sekou Camara\"}]},{\"@type\":\"WebSite\",\"@id\":\"https:\\\/\\\/civitas-maxima.org\\\/#website\",\"url\":\"https:\\\/\\\/civitas-maxima.org\\\/\",\"name\":\"Civitas Maxima\",\"description\":\"Together Against Impunity\",\"publisher\":{\"@id\":\"https:\\\/\\\/civitas-maxima.org\\\/#organization\"},\"potentialAction\":[{\"@type\":\"SearchAction\",\"target\":{\"@type\":\"EntryPoint\",\"urlTemplate\":\"https:\\\/\\\/civitas-maxima.org\\\/?s={search_term_string}\"},\"query-input\":{\"@type\":\"PropertyValueSpecification\",\"valueRequired\":true,\"valueName\":\"search_term_string\"}}],\"inLanguage\":\"fr-FR\"},{\"@type\":\"Organization\",\"@id\":\"https:\\\/\\\/civitas-maxima.org\\\/#organization\",\"name\":\"Civitas Maxima\",\"url\":\"https:\\\/\\\/civitas-maxima.org\\\/\",\"logo\":{\"@type\":\"ImageObject\",\"inLanguage\":\"fr-FR\",\"@id\":\"https:\\\/\\\/civitas-maxima.org\\\/#\\\/schema\\\/logo\\\/image\\\/\",\"url\":\"https:\\\/\\\/i0.wp.com\\\/civitas-maxima.org\\\/wp-content\\\/uploads\\\/2020\\\/09\\\/cm-logo.jpg?fit=212%2C209&ssl=1\",\"contentUrl\":\"https:\\\/\\\/i0.wp.com\\\/civitas-maxima.org\\\/wp-content\\\/uploads\\\/2020\\\/09\\\/cm-logo.jpg?fit=212%2C209&ssl=1\",\"width\":212,\"height\":209,\"caption\":\"Civitas Maxima\"},\"image\":{\"@id\":\"https:\\\/\\\/civitas-maxima.org\\\/#\\\/schema\\\/logo\\\/image\\\/\"},\"sameAs\":[\"https:\\\/\\\/www.facebook.com\\\/civitasmaxima\\\/?locale=fr_FR\",\"https:\\\/\\\/x.com\\\/Civitas_Maxima\",\"https:\\\/\\\/www.linkedin.com\\\/company\\\/civitas-maxima\",\"https:\\\/\\\/www.instagram.com\\\/civitas_maxima\\\/\"]}]}<\/script>\n<!-- \/ Yoast SEO plugin. -->","yoast_head_json":{"title":"Laye Sekou Camara | Civitas Maxima","robots":{"index":"index","follow":"follow","max-snippet":"max-snippet:-1","max-image-preview":"max-image-preview:large","max-video-preview":"max-video-preview:-1"},"canonical":"https:\/\/civitas-maxima.org\/fr\/sekou-camara\/","og_locale":"fr_FR","og_type":"article","og_title":"Laye Sekou Camara | Civitas Maxima","og_description":"Laye Sekou Camara Facts Faction LURD Nationality Liberian Indictment Immigration fraud Status Scheduled to be sentenced Resources Laye Sekou Camara was arrested in New York, U.S., on March 26, 2022. Also known by his noms de guerre General K-1 and General Dragon Master, he is alleged to have participated in Liberia\u2019s brutal second civil war [&hellip;]Lire la suite","og_url":"https:\/\/civitas-maxima.org\/fr\/sekou-camara\/","og_site_name":"Civitas Maxima","article_publisher":"https:\/\/www.facebook.com\/civitasmaxima\/?locale=fr_FR","article_modified_time":"2025-02-27T16:53:29+00:00","og_image":[{"width":470,"height":470,"url":"https:\/\/i0.wp.com\/civitas-maxima.org\/wp-content\/uploads\/2020\/11\/cm-logo.png?fit=470%2C470&ssl=1","type":"image\/png"}],"twitter_card":"summary_large_image","twitter_site":"@Civitas_Maxima","schema":{"@context":"https:\/\/schema.org","@graph":[{"@type":"WebPage","@id":"https:\/\/civitas-maxima.org\/sekou-camara\/","url":"https:\/\/civitas-maxima.org\/sekou-camara\/","name":"Laye Sekou Camara | Civitas Maxima","isPartOf":{"@id":"https:\/\/civitas-maxima.org\/#website"},"datePublished":"2022-04-26T09:29:41+00:00","dateModified":"2025-02-27T16:53:29+00:00","breadcrumb":{"@id":"https:\/\/civitas-maxima.org\/sekou-camara\/#breadcrumb"},"inLanguage":"fr-FR","potentialAction":[{"@type":"ReadAction","target":["https:\/\/civitas-maxima.org\/sekou-camara\/"]}]},{"@type":"BreadcrumbList","@id":"https:\/\/civitas-maxima.org\/sekou-camara\/#breadcrumb","itemListElement":[{"@type":"ListItem","position":1,"name":"Home","item":"https:\/\/civitas-maxima.org\/"},{"@type":"ListItem","position":2,"name":"Laye Sekou Camara"}]},{"@type":"WebSite","@id":"https:\/\/civitas-maxima.org\/#website","url":"https:\/\/civitas-maxima.org\/","name":"Civitas Maxima","description":"Together Against Impunity","publisher":{"@id":"https:\/\/civitas-maxima.org\/#organization"},"potentialAction":[{"@type":"SearchAction","target":{"@type":"EntryPoint","urlTemplate":"https:\/\/civitas-maxima.org\/?s={search_term_string}"},"query-input":{"@type":"PropertyValueSpecification","valueRequired":true,"valueName":"search_term_string"}}],"inLanguage":"fr-FR"},{"@type":"Organization","@id":"https:\/\/civitas-maxima.org\/#organization","name":"Civitas Maxima","url":"https:\/\/civitas-maxima.org\/","logo":{"@type":"ImageObject","inLanguage":"fr-FR","@id":"https:\/\/civitas-maxima.org\/#\/schema\/logo\/image\/","url":"https:\/\/i0.wp.com\/civitas-maxima.org\/wp-content\/uploads\/2020\/09\/cm-logo.jpg?fit=212%2C209&ssl=1","contentUrl":"https:\/\/i0.wp.com\/civitas-maxima.org\/wp-content\/uploads\/2020\/09\/cm-logo.jpg?fit=212%2C209&ssl=1","width":212,"height":209,"caption":"Civitas Maxima"},"image":{"@id":"https:\/\/civitas-maxima.org\/#\/schema\/logo\/image\/"},"sameAs":["https:\/\/www.facebook.com\/civitasmaxima\/?locale=fr_FR","https:\/\/x.com\/Civitas_Maxima","https:\/\/www.linkedin.com\/company\/civitas-maxima","https:\/\/www.instagram.com\/civitas_maxima\/"]}]}},"jetpack_sharing_enabled":true,"jetpack_shortlink":"https:\/\/wp.me\/PclLIv-1FA","amp_enabled":true,"_links":{"self":[{"href":"https:\/\/civitas-maxima.org\/fr\/wp-json\/wp\/v2\/pages\/6422","targetHints":{"allow":["GET"]}}],"collection":[{"href":"https:\/\/civitas-maxima.org\/fr\/wp-json\/wp\/v2\/pages"}],"about":[{"href":"https:\/\/civitas-maxima.org\/fr\/wp-json\/wp\/v2\/types\/page"}],"author":[{"embeddable":true,"href":"https:\/\/civitas-maxima.org\/fr\/wp-json\/wp\/v2\/users\/179586343"}],"replies":[{"embeddable":true,"href":"https:\/\/civitas-maxima.org\/fr\/wp-json\/wp\/v2\/comments?post=6422"}],"version-history":[{"count":43,"href":"https:\/\/civitas-maxima.org\/fr\/wp-json\/wp\/v2\/pages\/6422\/revisions"}],"predecessor-version":[{"id":15640,"href":"https:\/\/civitas-maxima.org\/fr\/wp-json\/wp\/v2\/pages\/6422\/revisions\/15640"}],"wp:attachment":[{"href":"https:\/\/civitas-maxima.org\/fr\/wp-json\/wp\/v2\/media?parent=6422"}],"curies":[{"name":"wp","href":"https:\/\/api.w.org\/{rel}","templated":true}]}}